{"id":364,"date":"2019-02-15T08:27:17","date_gmt":"2019-02-15T08:27:17","guid":{"rendered":"http:\/\/brandity-markenexperten.de\/?page_id=364"},"modified":"2024-06-11T13:48:37","modified_gmt":"2024-06-11T13:48:37","slug":"datenschutz","status":"publish","type":"page","link":"https:\/\/brandity-markenexperten.de\/?page_id=364","title":{"rendered":"Datenschutz"},"content":{"rendered":"<p>[et_pb_section fb_built=&#8220;1&#8243; _builder_version=&#8220;3.22&#8243;][et_pb_row _builder_version=&#8220;3.25&#8243; background_size=&#8220;initial&#8220; background_position=&#8220;top_left&#8220; background_repeat=&#8220;repeat&#8220;][et_pb_column type=&#8220;4_4&#8243; _builder_version=&#8220;3.25&#8243; custom_padding=&#8220;|||&#8220; custom_padding__hover=&#8220;|||&#8220;][et_pb_text _builder_version=&#8220;4.7.7&#8243; background_size=&#8220;initial&#8220; background_position=&#8220;top_left&#8220; background_repeat=&#8220;repeat&#8220; hover_enabled=&#8220;0&#8243; sticky_enabled=&#8220;0&#8243;]<\/p>\n<p><strong>Datenschutzerkl\u00e4rung<\/strong><\/p>\n<p>Wir m\u00f6chten Sie nachfolgend \u00fcber die Verarbeitung personenbezogener Daten im Rahmen der Nutzung unserer Internetseiten und der mit dieser verbundenen externen Onlinepr\u00e4senzen, wie z.B. unserer Social Media Profilen, informieren.<\/p>\n<p><strong>Verantwortlicher<\/strong><\/p>\n<p>brandity &#8211; die markenxperten<br \/> Kreuzkopfstra\u00dfe 11<br \/> 79100 Freiburg<br \/> e-Mail: griesbaum@brandity-markenexperten.de<br \/> Inhaber: Stefanie Griesbaum<br \/> Impressum: https:\/\/brandity-markenexperten.de\/?page_id=149<\/p>\n<p><strong>Arten der verarbeiteten Daten<\/strong><\/p>\n<p>&#8211; Bestandsdaten (z.B., Personen-Stammdaten, Namen oder Adressen).<br \/> &#8211; Kontaktdaten (z.B., E-Mail, Telefonnummern).<br \/> &#8211; Inhaltsdaten (z.B., Texteingaben, Fotografien, Videos).<br \/> &#8211; Nutzungsdaten (z.B., besuchte Webseiten, Interesse an Inhalten, Zugriffszeiten).<br \/> &#8211; Meta-\/Kommunikationsdaten (z.B., Ger\u00e4te-Informationen, IP-Adressen).<\/p>\n<p><strong>Kategorien betroffener Personen<\/strong><\/p>\n<p>Besucher und Nutzer des Onlineangebotes (Nachfolgend bezeichnen wir die betroffenen Personen zusammenfassend auch als \u201eNutzer\u201c).<\/p>\n<p><strong>Zweck der Verarbeitung<\/strong><\/p>\n<p>&#8211; Zurverf\u00fcgungstellung des Onlineangebotes, seiner Funktionen und Inhalte.<br \/> &#8211; Beantwortung von Kontaktanfragen und Kommunikation mit Nutzern.<br \/> &#8211; Sicherheitsma\u00dfnahmen.<br \/> &#8211; Reichweitenmessung\/Marketing<\/p>\n<p>&nbsp;<\/p>\n<p><strong>Verwendete Begrifflichkeiten\u00a0<\/strong><\/p>\n<p>\u201ePersonenbezogene Daten\u201c sind alle Informationen, die sich auf eine identifizierte oder identifizierbare nat\u00fcrliche Person (im Folgenden \u201ebetroffene Person\u201c) beziehen; als identifizierbar wird eine nat\u00fcrliche Person angesehen, die direkt oder indirekt, insbesondere mittels Zuordnung zu einer Kennung wie einem Namen, zu einer Kennnummer, zu Standortdaten, zu einer Online-Kennung (z.B. Cookie) oder zu einem oder mehreren besonderen Merkmalen identifiziert werden kann, die Ausdruck der physischen, physiologischen, genetischen, psychischen, wirtschaftlichen, kulturellen oder sozialen Identit\u00e4t dieser nat\u00fcrlichen Person sind.<\/p>\n<p>\u201eVerarbeitung\u201c ist jeder mit oder ohne Hilfe automatisierter Verfahren ausgef\u00fchrte Vorgang oder jede solche Vorgangsreihe im Zusammenhang mit personenbezogenen Daten. Der Begriff reicht weit und umfasst praktisch jeden Umgang mit Daten.<\/p>\n<p>\u201ePseudonymisierung\u201c die Verarbeitung personenbezogener Daten in einer Weise, dass die personenbezogenen Daten ohne Hinzuziehung zus\u00e4tzlicher Informationen nicht mehr einer spezifischen betroffenen Person zugeordnet werden k\u00f6nnen, sofern diese zus\u00e4tzlichen Informationen gesondert aufbewahrt werden und technischen und organisatorischen Ma\u00dfnahmen unterliegen, die gew\u00e4hrleisten, dass die personenbezogenen Daten nicht einer identifizierten oder identifizierbaren nat\u00fcrlichen Person zugewiesen werden.<\/p>\n<p>\u201eProfiling\u201c jede Art der automatisierten Verarbeitung personenbezogener Daten, die darin besteht, dass diese personenbezogenen Daten verwendet werden, um bestimmte pers\u00f6nliche Aspekte, die sich auf eine nat\u00fcrliche Person beziehen, zu bewerten, insbesondere um Aspekte bez\u00fcglich Arbeitsleistung, wirtschaftliche Lage, Gesundheit, pers\u00f6nliche Vorlieben, Interessen, Zuverl\u00e4ssigkeit, Verhalten, Aufenthaltsort oder Ortswechsel dieser nat\u00fcrlichen Person zu analysieren oder vorherzusagen.<\/p>\n<p>Als \u201eVerantwortlicher\u201c wird die nat\u00fcrliche oder juristische Person, Beh\u00f6rde, Einrichtung oder andere Stelle, die allein oder gemeinsam mit anderen \u00fcber die Zwecke und Mittel der Verarbeitung von personenbezogenen Daten entscheidet, bezeichnet.<\/p>\n<p>\u201eAuftragsverarbeiter\u201c eine nat\u00fcrliche oder juristische Person, Beh\u00f6rde, Einrichtung oder andere Stelle, die personenbezogene Daten im Auftrag des Verantwortlichen verarbeitet.<\/p>\n<p><strong>Ma\u00dfgebliche Rechtsgrundlagen<\/strong><\/p>\n<p>Nach Ma\u00dfgabe des Art. 13 DSGVO teilen wir Ihnen die Rechtsgrundlagen unserer Datenverarbeitungen mit. F\u00fcr Nutzer aus dem Geltungsbereich der Datenschutzgrundverordnung (DSGVO), d.h. der EU und des EWG gilt, sofern die Rechtsgrundlage in der Datenschutzerkl\u00e4rung nicht genannt wird, Folgendes:\u00a0<br \/> Die Rechtsgrundlage f\u00fcr die Einholung von Einwilligungen ist Art. 6 Abs. 1 lit. a und Art. 7 DSGVO;<br \/> Die Rechtsgrundlage f\u00fcr die Verarbeitung zur Erf\u00fcllung unserer Leistungen und Durchf\u00fchrung vertraglicher Ma\u00dfnahmen sowie Beantwortung von Anfragen ist Art. 6 Abs. 1 lit. b DSGVO;<br \/> Die Rechtsgrundlage f\u00fcr die Verarbeitung zur Erf\u00fcllung unserer rechtlichen Verpflichtungen ist Art. 6 Abs. 1 lit. c DSGVO;<br \/> F\u00fcr den Fall, dass lebenswichtige Interessen der betroffenen Person oder einer anderen nat\u00fcrlichen Person eine Verarbeitung personenbezogener Daten erforderlich machen, dient Art. 6 Abs. 1 lit. d DSGVO als Rechtsgrundlage.<br \/> Die Rechtsgrundlage f\u00fcr die erforderliche Verarbeitung zur Wahrnehmung einer Aufgabe, die im \u00f6ffentlichen Interesse liegt oder in Aus\u00fcbung \u00f6ffentlicher Gewalt erfolgt, die dem Verantwortlichen \u00fcbertragen wurde ist Art. 6 Abs. 1 lit. e DSGVO.\u00a0<br \/> Die Rechtsgrundlage f\u00fcr die Verarbeitung zur Wahrung unserer berechtigten Interessen ist Art. 6 Abs. 1 lit. f DSGVO.\u00a0<br \/> Die Verarbeitung von Daten zu anderen Zwecken als denen, zu denen sie erhoben wurden, bestimmt sich nach den Vorgaben des Art 6 Abs. 4 DSGVO.\u00a0<br \/> Die Verarbeitung von besonderen Kategorien von Daten (entsprechend Art. 9 Abs. 1 DSGVO) bestimmt sich nach den Vorgaben des Art. 9 Abs. 2 DSGVO.\u00a0<\/p>\n<p><strong>Sicherheitsma\u00dfnahmen<\/strong><\/p>\n<p>Wir treffen nach Ma\u00dfgabe der gesetzlichen Vorgabenunter Ber\u00fccksichtigung des Stands der Technik, der Implementierungskosten und der Art, des Umfangs, der Umst\u00e4nde und der Zwecke der Verarbeitung sowie der unterschiedlichen Eintrittswahrscheinlichkeit und Schwere des Risikos f\u00fcr die Rechte und Freiheiten nat\u00fcrlicher Personen, geeignete technische und organisatorische Ma\u00dfnahmen, um ein dem Risiko angemessenes Schutzniveau zu gew\u00e4hrleisten.<\/p>\n<p>Zu den Ma\u00dfnahmen geh\u00f6ren insbesondere die Sicherung der Vertraulichkeit, Integrit\u00e4t und Verf\u00fcgbarkeit von Daten durch Kontrolle des physischen Zugangs zu den Daten, als auch des sie betreffenden Zugriffs, der Eingabe, Weitergabe, der Sicherung der Verf\u00fcgbarkeit und ihrer Trennung. Des Weiteren haben wir Verfahren eingerichtet, die eine Wahrnehmung von Betroffenenrechten, L\u00f6schung von Daten und Reaktion auf Gef\u00e4hrdung der Daten gew\u00e4hrleisten. Ferner ber\u00fccksichtigen wir den Schutz personenbezogener Daten bereits bei der Entwicklung, bzw. Auswahl von Hardware, Software sowie Verfahren, entsprechend dem Prinzip des Datenschutzes durch Technikgestaltung und durch datenschutzfreundliche Voreinstellungen.<\/p>\n<p><strong>Zusammenarbeit mit Auftragsverarbeitern, gemeinsam Verantwortlichen und Dritten<\/strong><\/p>\n<p>Sofern wir im Rahmen unserer Verarbeitung Daten gegen\u00fcber anderen Personen und Unternehmen (Auftragsverarbeitern, gemeinsam Verantwortlichen oder Dritten) offenbaren, sie an diese \u00fcbermitteln oder ihnen sonst Zugriff auf die Daten gew\u00e4hren, erfolgt dies nur auf Grundlage einer gesetzlichen Erlaubnis (z.B. wenn eine \u00dcbermittlung der Daten an Dritte, wie an Zahlungsdienstleister, zur Vertragserf\u00fcllung erforderlich ist), Nutzer eingewilligt haben, eine rechtliche Verpflichtung dies vorsieht oder auf Grundlage unserer berechtigten Interessen (z.B. beim Einsatz von Beauftragten, Webhostern, etc.).\u00a0<\/p>\n<p>Sofern wir Daten anderen Unternehmen unserer Unternehmensgruppe offenbaren, \u00fcbermitteln oder ihnen sonst den Zugriff gew\u00e4hren, erfolgt dies insbesondere zu administrativen Zwecken als berechtigtes Interesse und dar\u00fcberhinausgehend auf einer den gesetzlichen Vorgaben entsprechenden Grundlage.\u00a0<\/p>\n<p><strong>\u00dcbermittlungen in Drittl\u00e4nder<\/strong><\/p>\n<p>Sofern wir Daten in einem Drittland (d.h. au\u00dferhalb der Europ\u00e4ischen Union (EU), des Europ\u00e4ischen Wirtschaftsraums (EWR) oder der Schweizer Eidgenossenschaft) verarbeiten oder dies im Rahmen der Inanspruchnahme von Diensten Dritter oder Offenlegung, bzw. \u00dcbermittlung von Daten an andere Personen oder Unternehmen geschieht, erfolgt dies nur, wenn es zur Erf\u00fcllung unserer (vor)vertraglichen Pflichten, auf Grundlage Ihrer Einwilligung, aufgrund einer rechtlichen Verpflichtung oder auf Grundlage unserer berechtigten Interessen geschieht. Vorbehaltlich ausdr\u00fccklicher Einwilligung oder vertraglich erforderlicher \u00dcbermittlung, verarbeiten oder lassen wir die Daten nur in Drittl\u00e4ndern mit einem anerkannten Datenschutzniveau, zu denen die unter dem &#8222;Privacy-Shield&#8220; zertifizierten US-Verarbeiter geh\u00f6ren oder auf Grundlage besonderer Garantien, wie z.B. vertraglicher Verpflichtung durch sogenannte Standardschutzklauseln der EU-Kommission, dem Vorliegen von Zertifizierungen oder verbindlichen internen Datenschutzvorschriften verarbeiten (Art. 44 bis 49 DSGVO,\u00a0<span><a href=\"https:\/\/ec.europa.eu\/info\/law\/law-topic\/data-protection\/data-transfers-outside-eu_de%22%20%5Ct%20%22blank\">Informationsseite der EU-Kommission<\/a><\/span>).<\/p>\n<p><strong>Ihre Rechte als Betroffener<\/strong><\/p>\n<p>Sie haben das Recht, eine Best\u00e4tigung dar\u00fcber zu verlangen, ob betreffende Daten verarbeitet werden und auf Auskunft \u00fcber diese Daten sowie auf weitere Informationen und Kopie der Daten entsprechend den gesetzlichen Vorgaben.<\/p>\n<p>Sie haben entsprechend. den gesetzlichen Vorgaben das Recht, die Vervollst\u00e4ndigung der Sie betreffenden Daten oder die Berichtigung der Sie betreffenden unrichtigen Daten zu verlangen.<\/p>\n<p>Sie haben nach Ma\u00dfgabe der gesetzlichen Vorgaben das Recht zu verlangen, dass betreffende Daten unverz\u00fcglich gel\u00f6scht werden, bzw. alternativ nach Ma\u00dfgabe der gesetzlichen Vorgaben eine Einschr\u00e4nkung der Verarbeitung der Daten zu verlangen.<\/p>\n<p>Sie haben das Recht zu verlangen, dass die Sie betreffenden Daten, die Sie uns bereitgestellt haben nach Ma\u00dfgabe der gesetzlichen Vorgaben zu erhalten und deren \u00dcbermittlung an andere Verantwortliche zu fordern.\u00a0<\/p>\n<p>Sie haben ferner nach Ma\u00dfgabe der gesetzlichen Vorgaben das Recht, eine Beschwerde bei der zust\u00e4ndigen Aufsichtsbeh\u00f6rde einzureichen.<\/p>\n<p><strong>Widerrufsrecht<\/strong><\/p>\n<p>Sie haben das Recht, erteilte Einwilligungen mit Wirkung f\u00fcr die Zukunft zu widerrufen.<\/p>\n<p><strong>Widerspruchsrecht<\/strong><\/p>\n<p><span>Sie k<\/span><span>\u00f6<\/span><span>nnen der k\u00fcnftigen Verarbeitung der Sie betreffenden Daten nach Ma\u00dfgabe der gesetzlichen Vorgaben jederzeit widersprechen. Der Widerspruch kann insbesondere gegen die Verarbeitung f\u00fcr Zwecke der Direktwerbung erfolgen<\/span><strong>.<\/strong><\/p>\n<p><strong>Cookies<\/strong><\/p>\n<p>Auf unseren Internetseiten kommen Cookies zum Einsatz. Cookies sind kleine Textinformationen, die \u00fcber ihren Browser in Ihrem Endger\u00e4t gespeichert werden. Die Cookies sind erforderlich, um bestimmte Funktionen unserer Internetseiten zu erm\u00f6glichen.<\/p>\n<p>Wir nutzen dabei sowohl Session-Cookies, die unmittelbar nach Beendigung des Besuchs der Internetseiten automatisch von Ihrem Browser gel\u00f6scht werden.<\/p>\n<p>Im Bereich der Webanalyse setzen wir aber auch sog. persistente Cookies ein, die nicht automatisch nach Beendigung des Besuchs unserer Internetseite gel\u00f6scht werden.<\/p>\n<p>Sie haben die M\u00f6glichkeit, das Setzen von Cookies durch entsprechende Einstellungen in Ihrem Browser zu unterbinden. Wir weisen jedoch darauf hin, dass die Nutzung unserer Internetseiten dann ggf. nur eingeschr\u00e4nkt m\u00f6glich ist. Durch Cookies werden keine Programme oder sonstige Applikationen auf Ihrem Rechner installiert oder gestartet.<\/p>\n<p>Der Einsatz von Cookies erfolgt auf Basis einer Interessenabw\u00e4gung. Unser Interesse ist der bedienungsfreundliche Besuch unserer Internetseiten.<\/p>\n<p>&nbsp;<\/p>\n<p><strong>L\u00f6schung von Daten<\/strong><\/p>\n<p>Wir l\u00f6schen personenbezogene Daten grunds\u00e4tzlich dann, wenn kein Erfordernis f\u00fcr eine weitere Speicherung besteht. Ein Erfordernis kann insbesondere dann bestehen, wenn die Daten noch ben\u00f6tigt werden, um vertragliche Leistungen zur erf\u00fcllen, Gew\u00e4hrleistungs- und ggf. Garantieanspr\u00fcche pr\u00fcfen und gew\u00e4hren oder abwehren zu k\u00f6nnen. Im Falle von gesetzlichen Aufbewahrungspflichten kommt eine L\u00f6schung erst nach Ablauf der jeweiligen Aufbewahrungspflicht in Betracht.<\/p>\n<p><strong>Kontaktaufnahme<\/strong><\/p>\n<p>Bei der Kontaktaufnahme mit uns (z.B. per Kontaktformular, E-Mail, Telefon oder via sozialer Medien) werden die Angaben des Nutzers zur Bearbeitung der Kontaktanfrage und deren Abwicklung gem. Art. 6 Abs. 1 lit. b. (im Rahmen vertraglicher-\/vorvertraglicher Beziehungen), Art. 6 Abs. 1 lit. f. (andere Anfragen) DSGVO verarbeitet.. Die Angaben der Nutzer k\u00f6nnen in einem Customer-Relationship-Management System (&#8222;CRM System&#8220;) oder vergleichbarer Anfragenorganisation gespeichert werden.<\/p>\n<p>Wir l\u00f6schen die Anfragen, sofern diese nicht mehr erforderlich sind. Wir \u00fcberpr\u00fcfen die Erforderlichkeit alle zwei Jahre; Ferner gelten die gesetzlichen Archivierungspflichten.<\/p>\n<p><strong>Hosting und E-Mail-Versand<\/strong><\/p>\n<p>Die von uns in Anspruch genommenen Hosting-Leistungen dienen der Zurverf\u00fcgungstellung der folgenden Leistungen: Infrastruktur- und Plattformdienstleistungen, Rechenkapazit\u00e4t, Speicherplatz und Datenbankdienste, E-Mail-Versand, Sicherheitsleistungen sowie technische Wartungsleistungen, die wir zum Zwecke des Betriebs dieses Onlineangebotes einsetzen.\u00a0<\/p>\n<p>Hierbei verarbeiten wir, bzw. unser Hostinganbieter Bestandsdaten, Kontaktdaten, Inhaltsdaten, Vertragsdaten, Nutzungsdaten, Meta- und Kommunikationsdaten von Kunden, Interessenten und Besuchern dieses Onlineangebotes auf Grundlage unserer berechtigten Interessen an einer effizienten und sicheren Zurverf\u00fcgungstellung dieses Onlineangebotes gem. Art. 6 Abs. 1 lit. f DSGVO i.V.m. Art. 28 DSGVO (Abschluss Auftragsverarbeitungsvertrag).<\/p>\n<p><strong>Erhebung von Zugriffsdaten und Logfiles<\/strong><\/p>\n<p>Wir, bzw. unser Hostinganbieter, erhebt auf Grundlage unserer berechtigten Interessen im Sinne des Art. 6 Abs. 1 lit. f. DSGVO Daten \u00fcber jeden Zugriff auf den Server, auf dem sich dieser Dienst befindet (sogenannte Serverlogfiles). Zu den Zugriffsdaten geh\u00f6ren Name der abgerufenen Webseite, Datei, Datum und Uhrzeit des Abrufs, \u00fcbertragene Datenmenge, Meldung \u00fcber erfolgreichen Abruf, Browsertyp nebst Version, das Betriebssystem des Nutzers, Referrer URL (die zuvor besuchte Seite), IP-Adresse und der anfragende Provider.<\/p>\n<p>Logfile-Informationen werden aus Sicherheitsgr\u00fcnden (z.B. zur Aufkl\u00e4rung von Missbrauchs- oder Betrugshandlungen) f\u00fcr die Dauer von maximal 7 Tagen gespeichert und danach gel\u00f6scht. Daten, deren weitere Aufbewahrung zu Beweiszwecken erforderlich ist, sind bis zur endg\u00fcltigen Kl\u00e4rung des jeweiligen Vorfalls von der L\u00f6schung ausgenommen.<\/p>\n<p><strong>Onlinepr\u00e4senzen in sozialen Medien<\/strong><\/p>\n<p>Wir unterhalten Onlinepr\u00e4senzen innerhalb sozialer Netzwerke und Plattformen, um mit den dort aktiven Kunden, Interessenten und Nutzern kommunizieren und sie dort \u00fcber unsere Leistungen informieren zu k\u00f6nnen.<\/p>\n<p>Wir weisen darauf hin, dass dabei Daten der Nutzer au\u00dferhalb des Raumes der Europ\u00e4ischen Union verarbeitet werden k\u00f6nnen. Hierdurch k\u00f6nnen sich f\u00fcr die Nutzer Risiken ergeben, weil so z.B. die Durchsetzung der Rechte der Nutzer erschwert werden k\u00f6nnte. Im Hinblick auf US-Anbieter die unter dem Privacy-Shield zertifiziert sind, weisen wir darauf hin, dass sie sich damit verpflichten, die Datenschutzstandards der EU einzuhalten.<\/p>\n<p>Ferner werden die Daten der Nutzer im Regelfall f\u00fcr Marktforschungs- und Werbezwecke verarbeitet. So k\u00f6nnen z.B. aus dem Nutzungsverhalten und sich daraus ergebenden Interessen der Nutzer Nutzungsprofile erstellt werden. Die Nutzungsprofile k\u00f6nnen wiederum verwendet werden, um z.B. Werbeanzeigen innerhalb und au\u00dferhalb der Plattformen zu schalten, die mutma\u00dflich den Interessen der Nutzer entsprechen. Zu diesen Zwecken werden im Regelfall Cookies auf den Rechnern der Nutzer gespeichert, in denen das Nutzungsverhalten und die Interessen der Nutzer gespeichert werden. Ferner k\u00f6nnen in den Nutzungsprofilen auch Daten unabh\u00e4ngig der von den Nutzern verwendeten Ger\u00e4te gespeichert werden (insbesondere wenn die Nutzer Mitglieder der jeweiligen Plattformen sind und bei diesen eingeloggt sind).<\/p>\n<p>Die Verarbeitung der personenbezogenen Daten der Nutzer erfolgt auf Grundlage unserer berechtigten Interessen an einer effektiven Information der Nutzer und Kommunikation mit den Nutzern gem. Art. 6 Abs. 1 lit. f. DSGVO. Falls die Nutzer von den jeweiligen Anbietern der Plattformen um eine Einwilligung in die vorbeschriebene Datenverarbeitung gebeten werden, ist die Rechtsgrundlage der Verarbeitung Art. 6 Abs. 1 lit. a., Art. 7 DSGVO.<\/p>\n<p>F\u00fcr eine detaillierte Darstellung der jeweiligen Verarbeitungen und der Widerspruchsm\u00f6glichkeiten (Opt-Out), verweisen wir auf die nachfolgend verlinkten Angaben der Anbieter.<\/p>\n<p>Auch im Fall von Auskunftsanfragen und der Geltendmachung von Nutzerrechten, weisen wir darauf hin, dass diese am effektivsten bei den Anbietern geltend gemacht werden k\u00f6nnen. Nur die Anbieter haben jeweils Zugriff auf die Daten der Nutzer und k\u00f6nnen direkt entsprechende Ma\u00dfnahmen ergreifen und Ausk\u00fcnfte geben. Sollten Sie dennoch Hilfe ben\u00f6tigen, dann k\u00f6nnen Sie sich an uns wenden.<\/p>\n<p>&#8211; Facebook, -Seiten, -Gruppen, (Facebook Ireland Ltd., 4 Grand Canal Square, Grand Canal Harbour, Dublin 2, Irland) auf Grundlage einer\u00a0<span><a href=\"https:\/\/www.facebook.com\/legal\/terms\/page_controller_addendum%22%20%5Ct%20%22_blank\">Vereinbarung \u00fcber gemeinsame Verarbeitung personenbezogener Daten<\/a><\/span>\u00a0&#8211; Datenschutzerkl\u00e4rung:\u00a0<span><a href=\"https:\/\/www.facebook.com\/about\/privacy\/%22%20%5Ct%20%22_blank\">https:\/\/www.facebook.com\/about\/privacy\/<\/a><\/span>, speziell f\u00fcr Seiten:\u00a0<span><a href=\"https:\/\/www.facebook.com\/legal\/terms\/information_about_page_insights_data%22%20%5Ct%20%22_blank\">https:\/\/www.facebook.com\/legal\/terms\/information_about_page_insights_data<\/a><\/span>, Opt-Out:\u00a0<span><a href=\"https:\/\/www.facebook.com\/settings?tab=ads%22%20%5Ct%20%22_blank\">https:\/\/www.facebook.com\/settings?tab=ads<\/a><\/span>\u00a0und\u00a0<span>http:\/\/www.youronlinechoices.com<\/span>, Privacy Shield:\u00a0<span><a href=\"https:\/\/www.privacyshield.gov\/participant?id=a2zt0000000GnywAAC&amp;status=Active%22%20%5Ct%20%22_blank\">https:\/\/www.privacyshield.gov\/participant?id=a2zt0000000GnywAAC&amp;status=Active<\/a><\/span>.<\/p>\n<p>&#8211; Google\/ YouTube (Google Ireland Limited, Gordon House, Barrow Street, Dublin 4, Irland) \u2013 Datenschutzerkl\u00e4rung: \u00a0<span><a href=\"https:\/\/policies.google.com\/privacy%22%20%5Ct%20%22_blank\">https:\/\/policies.google.com\/privacy<\/a><\/span>, Opt-Out:\u00a0<span><a href=\"https:\/\/adssettings.google.com\/authenticated%22%20%5Ct%20%22_blank\">https:\/\/adssettings.google.com\/authenticated<\/a><\/span>, Privacy Shield:\u00a0<span><a href=\"https:\/\/www.privacyshield.gov\/participant?id=a2zt000000001L5AAI&amp;status=Active%22%20%5Ct%20%22_blank\">https:\/\/www.privacyshield.gov\/participant?id=a2zt000000001L5AAI&amp;status=Active<\/a><\/span>.<\/p>\n<p>&#8211; Instagram (Instagram Inc., 1601 Willow Road, Menlo Park, CA, 94025, USA) \u2013 Datenschutzerkl\u00e4rung\/ Opt-Out:\u00a0<span><a href=\"http:\/\/instagram.com\/about\/legal\/privacy\/%22%20%5Ct%20%22_blank\">http:\/\/instagram.com\/about\/legal\/privacy\/<\/a><\/span>.<\/p>\n<p>&#8211; Twitter (Twitter Inc., 1355 Market Street, Suite 900, San Francisco, CA 94103, USA) &#8211; Datenschutzerkl\u00e4rung:\u00a0<span><a href=\"https:\/\/twitter.com\/de\/privacy%22%20%5Ct%20%22_blank\">https:\/\/twitter.com\/de\/privacy<\/a><\/span>, Opt-Out:\u00a0<span><a href=\"https:\/\/twitter.com\/personalization%22%20%5Ct%20%22_blank\">https:\/\/twitter.com\/personalization<\/a><\/span>, Privacy Shield:\u00a0<span><a href=\"https:\/\/www.privacyshield.gov\/participant?id=a2zt0000000TORzAAO&amp;status=Active%22%20%5Ct%20%22_blank\">https:\/\/www.privacyshield.gov\/participant?id=a2zt0000000TORzAAO&amp;status=Active<\/a><\/span>.<\/p>\n<p>&#8211; LinkedIn (LinkedIn Ireland Unlimited Company Wilton Place, Dublin 2, Irland) &#8211; Datenschutzerkl\u00e4rung\u00a0<span><a href=\"https:\/\/www.linkedin.com\/legal\/privacy-policy%22%20%5Ct%20%22_blank\">https:\/\/www.linkedin.com\/legal\/privacy-policy<\/a><\/span>\u00a0, Opt-Out:\u00a0<span><a href=\"https:\/\/www.linkedin.com\/psettings\/guest-controls\/retargeting-opt-out%22%20%5Ct%20%22_blank\">https:\/\/www.linkedin.com\/psettings\/guest-controls\/retargeting-opt-out<\/a><\/span>, Privacy Shield:\u00a0<span><a href=\"https:\/\/www.privacyshield.gov\/participant?id=a2zt0000000L0UZAA0&amp;status=Active%22%20%5Ct%20%22_blank\">https:\/\/www.privacyshield.gov\/participant?id=a2zt0000000L0UZAA0&amp;status=Active<\/a><\/span>.<\/p>\n<p>&#8211; Xing (XING AG, Dammtorstra\u00dfe 29-32, 20354 Hamburg, Deutschland) &#8211; Datenschutzerkl\u00e4rung\/ Opt-Out:\u00a0<span><a href=\"https:\/\/privacy.xing.com\/de\/datenschutzerklaerung%22%20%5Ct%20%22_blank\">https:\/\/privacy.xing.com\/de\/datenschutzerklaerung<\/a><\/span>.<\/p>\n<p><strong>Google Fonts<\/strong><\/p>\n<p>Wir binden die Schriftarten (&#8222;Google Fonts&#8220;) des Anbieters Google Ireland Limited, Gordon House, Barrow Street, Dublin 4, Irland, ein. Nach Angaben von Google werden die Daten der Nutzer allein zu Zwecken der Darstellung der Schriftarten im Browser der Nutzer verwendet. Die Einbindung erfolgt auf Grundlage unserer berechtigten Interessen an einer technisch sicheren, wartungsfreien und effizienten Nutzung von Schriftarten, deren einheitlicher Darstellung sowie Ber\u00fccksichtigung m\u00f6glicher lizenzrechtlicher Restriktionen f\u00fcr deren Einbindung. Datenschutzerkl\u00e4rung:\u00a0<span><a href=\"https:\/\/www.google.com\/policies\/privacy\/%22%20%5Ct%20%22_blank\">https:\/\/www.google.com\/policies\/privacy\/<\/a><\/span>.<\/p>\n<p><strong>Google ReCaptcha<\/strong><\/p>\n<p>Wir binden die Funktion zur Erkennung von Bots, z.B. bei Eingaben in Onlineformularen (&#8222;ReCaptcha&#8220;) des Anbieters GGoogle Ireland Limited, Gordon House, Barrow Street, Dublin 4, Irland, ein. Datenschutzerkl\u00e4rung:\u00a0https:\/\/www.google.com\/policies\/privacy\/, Opt-Out:\u00a0<span><a href=\"https:\/\/adssettings.google.com\/authenticated\">https:\/\/adssettings.google.com\/authenticated<\/a><\/span>.<\/p>\n<p><strong>Google Analytics<\/strong><\/p>\n<p>Wir setzen Google Analytics, einen Webanalysedienst der Google Ireland Limited, Gordon House, Barrow Street, Dublin 4, Irland (\u201eGoogle\u201c) ein. Google verwendet Cookies. Die durch das Cookie erzeugten Informationen \u00fcber Benutzung des Onlineangebotes durch die Nutzer werden in der Regel an einen Server von Google in den USA \u00fcbertragen und dort gespeichert.<\/p>\n<p>Google wird diese Informationen in unserem Auftrag benutzen, um die Nutzung unseres Onlineangebotes durch die Nutzer auszuwerten, um Reports \u00fcber die Aktivit\u00e4ten innerhalb dieses Onlineangebotes zusammenzustellen und um weitere, mit der Nutzung dieses Onlineangebotes und der Internetnutzung verbundene Dienstleistungen, uns gegen\u00fcber zu erbringen. Dabei k\u00f6nnen aus den verarbeiteten Daten pseudonyme Nutzungsprofile der Nutzer erstellt werden.<\/p>\n<p>Wir setzen Google Analytics nur mit aktivierter IP-Anonymisierung ein. Das bedeutet, die IP-Adresse der Nutzer wird von Google innerhalb von Mitgliedstaaten der Europ\u00e4ischen Union oder in anderen Vertragsstaaten des Abkommens \u00fcber den Europ\u00e4ischen Wirtschaftsraum gek\u00fcrzt. Nur in Ausnahmef\u00e4llen wird die volle IP-Adresse an einen Server von Google in den USA \u00fcbertragen und dort gek\u00fcrzt.<\/p>\n<p>Die von dem Browser des Nutzers \u00fcbermittelte IP-Adresse wird nicht mit anderen Daten von Google zusammengef\u00fchrt. Die Nutzer k\u00f6nnen die Speicherung der Cookies durch eine entsprechende Einstellung ihrer Browser-Software verhindern; die Nutzer k\u00f6nnen dar\u00fcber hinaus die Erfassung der durch das Cookie erzeugten und auf ihre Nutzung des Onlineangebotes bezogenen Daten an Google sowie die Verarbeitung dieser Daten durch Google verhindern, indem sie das unter folgendem Link verf\u00fcgbare Browser-Plugin herunterladen und installieren:\u00a0http:\/\/tools.google.com\/dlpage\/gaoptout?hl=de.<\/p>\n<p>Sofern wir die Nutzer um eine Einwilligung bitten (z.B. im Rahmen einer Cookie-Einwilligung), ist die Rechtsgrundlage dieser Verarbeitung Art. 6 Abs. 1 lit. a. DSGVO. Ansonsten werden die personenbezogenen Daten der Nutzer auf Grundlage unserer berechtigten Interessen (d.h. Interesse an der Analyse, Optimierung und wirtschaftlichem Betrieb unseres Onlineangebotes im Sinne des Art. 6 Abs. 1 lit. f. DSGVO) verarbeitet.<\/p>\n<p>Soweit Daten in den USA verarbeitet werden, weisen wir daraufhin, dass Google unter dem Privacy-Shield-Abkommen zertifiziert ist und hierdurch zusichert, das europ\u00e4ische Datenschutzrecht einzuhalten (https:\/\/www.privacyshield.gov\/participant?id=a2zt000000001L5AAI&amp;status=Active).<\/p>\n<p>Weitere Informationen zur Datennutzung durch Google, Einstellungs- und Widerspruchsm\u00f6glichkeiten, erfahren Sie in der Datenschutzerkl\u00e4rung von Google (https:\/\/policies.google.com\/privacy) sowie in den Einstellungen f\u00fcr die Darstellung von Werbeeinblendungen durch Google\u00a0(https:\/\/adssettings.google.com\/authenticated).<\/p>\n<p>Die personenbezogenen Daten der Nutzer werden nach 14 Monaten gel\u00f6scht oder anonymisiert.<\/p>\n<p><strong>\u00c4nderung dieser Datenschutzhinweise<\/strong><\/p>\n<p>Wir \u00fcberarbeiten diese Datenschutzhinweise bei \u00c4nderungen an dieser Internetseite oder bei sonstigen Anl\u00e4ssen, die dies erforderlich machen. Die jeweils aktuelle Fassung finden Sie stets auf dieser Internetseite<\/p>\n<p>Stand: 01.06.2024<\/p>\n<p>[\/et_pb_text][\/et_pb_column][\/et_pb_row][et_pb_row _builder_version=&#8220;3.25&#8243;][et_pb_column type=&#8220;4_4&#8243; _builder_version=&#8220;3.25&#8243; custom_padding=&#8220;|||&#8220; custom_padding__hover=&#8220;|||&#8220;][et_pb_text _builder_version=&#8220;3.27.4&#8243; text_font=&#8220;||||||||&#8220; text_font_size=&#8220;12px&#8220; text_line_height=&#8220;1.4em&#8220;][\/et_pb_text][\/et_pb_column][\/et_pb_row][\/et_pb_section]<\/p>\n","protected":false},"excerpt":{"rendered":"<p>[et_pb_section fb_built=&#8220;1&#8243; _builder_version=&#8220;3.22&#8243;][et_pb_row _builder_version=&#8220;3.25&#8243; background_size=&#8220;initial&#8220; background_position=&#8220;top_left&#8220; background_repeat=&#8220;repeat&#8220;][et_pb_column type=&#8220;4_4&#8243; _builder_version=&#8220;3.25&#8243; custom_padding=&#8220;|||&#8220; custom_padding__hover=&#8220;|||&#8220;][et_pb_text _builder_version=&#8220;4.7.7&#8243; background_size=&#8220;initial&#8220; background_position=&#8220;top_left&#8220; background_repeat=&#8220;repeat&#8220; hover_enabled=&#8220;0&#8243; sticky_enabled=&#8220;0&#8243;] Datenschutzerkl\u00e4rung Wir m\u00f6chten Sie nachfolgend \u00fcber die Verarbeitung personenbezogener Daten im Rahmen der Nutzung unserer Internetseiten und der mit dieser verbundenen externen Onlinepr\u00e4senzen, wie z.B. unserer Social Media Profilen, informieren. Verantwortlicher brandity &#8211; die markenxperten Kreuzkopfstra\u00dfe 11 79100 [&hellip;]<\/p>\n","protected":false},"author":1,"featured_media":0,"parent":0,"menu_order":0,"comment_status":"closed","ping_status":"closed","template":"","meta":{"_et_pb_use_builder":"on","_et_pb_old_content":"","_et_gb_content_width":"","footnotes":""},"_links":{"self":[{"href":"https:\/\/brandity-markenexperten.de\/index.php?rest_route=\/wp\/v2\/pages\/364"}],"collection":[{"href":"https:\/\/brandity-markenexperten.de\/index.php?rest_route=\/wp\/v2\/pages"}],"about":[{"href":"https:\/\/brandity-markenexperten.de\/index.php?rest_route=\/wp\/v2\/types\/page"}],"author":[{"embeddable":true,"href":"https:\/\/brandity-markenexperten.de\/index.php?rest_route=\/wp\/v2\/users\/1"}],"replies":[{"embeddable":true,"href":"https:\/\/brandity-markenexperten.de\/index.php?rest_route=%2Fwp%2Fv2%2Fcomments&post=364"}],"version-history":[{"count":4,"href":"https:\/\/brandity-markenexperten.de\/index.php?rest_route=\/wp\/v2\/pages\/364\/revisions"}],"predecessor-version":[{"id":466,"href":"https:\/\/brandity-markenexperten.de\/index.php?rest_route=\/wp\/v2\/pages\/364\/revisions\/466"}],"wp:attachment":[{"href":"https:\/\/brandity-markenexperten.de\/index.php?rest_route=%2Fwp%2Fv2%2Fmedia&parent=364"}],"curies":[{"name":"wp","href":"https:\/\/api.w.org\/{rel}","templated":true}]}}